{"id":2711,"date":"2020-10-21T07:36:29","date_gmt":"2020-10-21T07:36:29","guid":{"rendered":"https:\/\/rembrandthoeve.templ8.nl\/integritetspolicy\/"},"modified":"2020-10-21T07:36:29","modified_gmt":"2020-10-21T07:36:29","slug":"integritetspolicy","status":"publish","type":"page","link":"https:\/\/rembrandthoeveamsterdam.nl\/sv\/integritetspolicy\/","title":{"rendered":"Integritetspolicy"},"content":{"rendered":"<div class=\"elementor-element elementor-element-8aece8d elementor-widget elementor-widget-theme-post-content\" data-id=\"8aece8d\" data-element_type=\"widget\" data-widget_type=\"theme-post-content.default\">\n<div class=\"elementor-widget-container\">\n<p>Detta \u00e4r sekretesspolicyn f\u00f6r: Denna integritetspolicy omfattar f\u00f6ljande: Rembrandt Hoeve p\u00e5 Amsteldijk Noord 127 NL &#8211; 1183 TJ Amstelveen (Nederl\u00e4nderna). F\u00f6r fr\u00e5gor eller kontakt, v\u00e4nligen skicka ett e-postmeddelande till  <a href=\"mailto:info@annetransport.nl\"><br \/>\n<\/a><a href=\"mailto:rembrandthoeve@live.nl\">rembrandthoeve@live.nl<\/a>.<\/p>\n<h3>Vilka personuppgifter vi samlar in och varf\u00f6r vi samlar in dem.<\/h3>\n<h4>Kommentarer<\/h4>\n<p>N\u00e4r bes\u00f6kare l\u00e4mnar kommentarer p\u00e5 webbplatsen samlar vi in den information som visas i kommentarsformul\u00e4ret, bes\u00f6karens IP-adress och webbl\u00e4sarens anv\u00e4ndaragent f\u00f6r att underl\u00e4tta uppt\u00e4ckten av skr\u00e4ppost.<\/p>\n<p>En anonym str\u00e4ng som skapas fr\u00e5n din e-postadress (\u00e4ven kallad hash) kan skickas till Gravatartj\u00e4nsten om du anv\u00e4nder den. Sidan med sekretesspolicy finns h\u00e4r: https:\/\/automattic.com\/privacy\/. N\u00e4r din kommentar har godk\u00e4nts kommer din profilbild att vara offentligt synlig i samband med din kommentar.<\/p>\n<h4>Media<\/h4>\n<p>Om du \u00e4r en registrerad anv\u00e4ndare och laddar upp bilder till webbplatsen b\u00f6r du undvika att ladda upp bilder som inneh\u00e5ller EXIF GPS-positionsdata. Bes\u00f6kare p\u00e5 webbplatsen kan ladda ner bilderna fr\u00e5n webbplatsen och se platsdata.<\/p>\n<h4>Kontaktformul\u00e4r<\/h4>\n<p>De personliga kontaktuppgifterna registreras n\u00e4r kontaktformul\u00e4ret fylls i. Dessa uppgifter lagras i v\u00e5r brevl\u00e5da. De personliga kontaktuppgifterna kommer att sparas f\u00f6r att tillhandah\u00e5lla tj\u00e4nster. De sparade kontaktuppgifterna anv\u00e4nds inte i marknadsf\u00f6ringssyfte.<\/p>\n<h4>Cookies<\/h4>\n<p>N\u00e4r du l\u00e4mnar en kommentar p\u00e5 v\u00e5r webbplats kan du ange om ditt namn, din e-postadress och din webbplats f\u00e5r lagras i en cookie. Vi g\u00f6r detta f\u00f6r att underl\u00e4tta f\u00f6r dig s\u00e5 att du inte beh\u00f6ver ange denna information p\u00e5 nytt vid ett nytt svar. Dessa kakor \u00e4r giltiga i ett \u00e5r.<\/p>\n<p>N\u00e4r du bes\u00f6ker v\u00e5r inloggningssida lagrar vi en tillf\u00e4llig cookie f\u00f6r att kontrollera om din webbl\u00e4sare accepterar cookies. Denna cookie inneh\u00e5ller inga personuppgifter och raderas s\u00e5 snart du st\u00e4nger din webbl\u00e4sare.<\/p>\n<p>N\u00e4r du loggar in kommer vi att lagra vissa cookies i samband med din inloggningsinformation och alternativ f\u00f6r sk\u00e4rmvisning. Inloggningscookies \u00e4r giltiga i tv\u00e5 dagar och cookies f\u00f6r sk\u00e4rmalternativ \u00e4r giltiga i ett \u00e5r. Om du v\u00e4ljer &#8221;Kom ih\u00e5g mig&#8221; sparas din inloggning i tv\u00e5 veckor. S\u00e5 snart du loggar ut fr\u00e5n ditt konto tas inloggningscookies bort.<\/p>\n<p>N\u00e4r du redigerar eller publicerar ett meddelande lagras ytterligare en cookie i din webbl\u00e4sare. Den h\u00e4r cookien inneh\u00e5ller inga personuppgifter och inneh\u00e5ller endast inl\u00e4ggs-ID f\u00f6r den artikel som du har redigerat. Den h\u00e4r cookien upph\u00f6r att g\u00e4lla efter en dag.<\/p>\n<h4>Inb\u00e4ddat inneh\u00e5ll fr\u00e5n andra webbplatser<\/h4>\n<p>Inl\u00e4gg p\u00e5 den h\u00e4r webbplatsen kan inneh\u00e5lla inb\u00e4ddat inneh\u00e5ll (t.ex. videor, bilder, meddelanden osv.). Inb\u00e4ddat inneh\u00e5ll fr\u00e5n andra webbplatser beter sig precis som om bes\u00f6karen hade bes\u00f6kt den andra webbplatsen.<\/p>\n<p>Dessa webbplatser kan samla in uppgifter om dig, anv\u00e4nda cookies, b\u00e4dda in ytterligare sp\u00e5rning fr\u00e5n tredje part och \u00f6vervaka din interaktion med detta inb\u00e4ddade inneh\u00e5ll, inklusive registrering av din interaktion med det inb\u00e4ddade inneh\u00e5llet om du har ett konto och \u00e4r inloggad p\u00e5 webbplatsen.<\/p>\n<h4>S\u00e4kerhetsloggar<\/h4>\n<p>Bes\u00f6karnas IP-adresser, anv\u00e4ndar-ID f\u00f6r inloggade anv\u00e4ndare och anv\u00e4ndarnamn f\u00f6r inloggningsf\u00f6rs\u00f6k registreras under vissa f\u00f6ruts\u00e4ttningar f\u00f6r att \u00f6vervaka skadlig verksamhet och f\u00f6r att skydda webbplatsen fr\u00e5n specifika typer av attacker. Exempel p\u00e5 inloggningsvillkor \u00e4r inloggningsf\u00f6rs\u00f6k, beg\u00e4ran om utloggning, beg\u00e4ran om misst\u00e4nkta webbadresser, \u00e4ndringar av webbplatsens inneh\u00e5ll och uppdatering av l\u00f6senord. Denna information sparas i 60 dagar.<\/p>\n<h4>Analyser<\/h4>\n<p>Vi f\u00f6rs\u00f6ker g\u00f6ra din upplevelse av v\u00e5r webbplats s\u00e5 bra och optimal som m\u00f6jligt. Detta \u00e4r endast m\u00f6jligt om vi vet vad v\u00e5ra bes\u00f6kare g\u00f6r p\u00e5 webbplatsen. Och d\u00e4rmed publicera mer av det som \u00e4r omtyckt och mindre av det som inte \u00e4r omtyckt.<\/p>\n<p dir=\"ltr\">Syfte: Genom Google Analytics vet vi hur du kom till webbplatsen och hur du anv\u00e4nder den. Vi anv\u00e4nder denna statistik f\u00f6r att kontinuerligt f\u00f6rb\u00e4ttra webbplatsen s\u00e5 att du f\u00e5r b\u00e4sta m\u00f6jliga upplevelse p\u00e5 v\u00e5r webbplats. Denna cookie kommer fr\u00e5n Google och lagras i h\u00f6gst 26 m\u00e5nader.<\/p>\n<p dir=\"ltr\">Mer information: <a href=\"http:\/\/www.google.com\/policies\/privacy\/\" target=\"_blank\" rel=\"noopener noreferrer\">http:\/\/www.google.com\/policies\/privacy\/<\/a><\/p>\n<h3>Vem vi delar dina uppgifter med<\/h3>\n<p>F\u00f6r att g\u00f6ra den information du beg\u00e4rt tillg\u00e4nglig samarbetar vi med tredje parter. T\u00e4nk p\u00e5 en webbplatsadministrat\u00f6r, en webbhotell, en automatisk telefonanslutning, ett nyhetsbrevssystem och en programvara f\u00f6r administration. Ett s\u00e5 kallat processoravtal har ing\u00e5tts med alla ber\u00f6rda parter. Detta avtal garanterar bland annat att dina personuppgifter \u00e4r s\u00e4kra och raderas i tid.<\/p>\n<h3>Hur l\u00e4nge vi sparar dina uppgifter<\/h3>\n<p>N\u00e4r du l\u00e4mnar en kommentar sparas den kommentaren och metadata om den f\u00f6r alltid. P\u00e5 s\u00e5 s\u00e4tt kan vi automatiskt k\u00e4nna igen och godk\u00e4nna uppf\u00f6ljande kommentarer i st\u00e4llet f\u00f6r att moderera dem.<\/p>\n<p>F\u00f6r anv\u00e4ndare som registrerar sig p\u00e5 v\u00e5r webbplats (om det finns n\u00e5gon) lagrar vi ocks\u00e5 den personliga information som de l\u00e4mnar i sin anv\u00e4ndarprofil. Alla anv\u00e4ndare kan n\u00e4r som helst se, redigera eller radera sin personliga information (f\u00f6rutom att de inte kan \u00e4ndra sitt anv\u00e4ndarnamn). Webbplatsadministrat\u00f6rer kan ocks\u00e5 visa och redigera denna information.<\/p>\n<p>S\u00e4kerhetsloggar sparas i 60 dagar.<\/p>\n<h3>Vilka r\u00e4ttigheter du har till dina uppgifter<\/h3>\n<p>Om du har ett konto p\u00e5 den h\u00e4r webbplatsen eller har l\u00e4mnat kommentarer kan du beg\u00e4ra en exporterad fil med de personuppgifter som vi har om dig, inklusive all information som du har l\u00e4mnat till oss. Du kan ocks\u00e5 beg\u00e4ra att vi raderar all personlig information som vi har om dig. Detta omfattar inte uppgifter som vi m\u00e5ste beh\u00e5lla av administrativa, r\u00e4ttsliga eller s\u00e4kerhetsm\u00e4ssiga sk\u00e4l.<\/p>\n<h3>Vart vi skickar dina uppgifter<\/h3>\n<p>Den h\u00e4r webbplatsen skannas f\u00f6r potentiell skadlig kod och s\u00e5rbarheter av iThemes webbplatsskanner. Vi skickar ingen personlig information till skannern, men skannern kan hitta personlig information som publicerats offentligt (t.ex. i kommentarer) under skanningen.<\/p>\n<h3>Ytterligare information<\/h3>\n<h4>Hur vi skyddar dina uppgifter<\/h4>\n<p>Dina personuppgifter \u00e4r s\u00e4kra. De uppgifter som anf\u00f6rtros skyddas med tekniska och administrativa s\u00e4kerhets\u00e5tg\u00e4rder f\u00f6r att minimera risken f\u00f6r f\u00f6rlust, missbruk, obeh\u00f6rig \u00e5tkomst, avsl\u00f6jande och \u00e4ndring. Du kan t\u00e4nka p\u00e5 brandv\u00e4ggar, kryptering av data, s\u00e4kra anslutningar samt fysisk och administrativ \u00e5tkomstkontroll till data och servrar.<\/p>\n<\/div>\n<\/div>\n","protected":false},"excerpt":{"rendered":"<p>Detta \u00e4r sekretesspolicyn f\u00f6r: Denna integritetspolicy omfattar f\u00f6ljande: Rembrandt Hoeve p\u00e5 Amsteldijk Noord 127 NL &#8211; 1183 TJ Amstelveen (Nederl\u00e4nderna). F\u00f6r fr\u00e5gor eller kontakt, v\u00e4nligen skicka ett e-postmeddelande till rembrandthoeve@live.nl. Vilka personuppgifter vi samlar in och varf\u00f6r vi samlar in dem. Kommentarer N\u00e4r bes\u00f6kare l\u00e4mnar kommentarer p\u00e5 webbplatsen samlar vi in den information som visas [&hellip;]<\/p>\n","protected":false},"author":1,"featured_media":3255,"parent":0,"menu_order":0,"comment_status":"closed","ping_status":"closed","template":"","meta":{"footnotes":""},"class_list":["post-2711","page","type-page","status-publish","has-post-thumbnail","hentry"],"yoast_head":"<!-- This site is optimized with the Yoast SEO plugin v27.5 - https:\/\/yoast.com\/product\/yoast-seo-wordpress\/ -->\n<title>Integritetspolicy - The Rembrandt Hoeve<\/title>\n<meta name=\"robots\" content=\"noindex, follow\" \/>\n<meta property=\"og:locale\" content=\"sv_SE\" \/>\n<meta property=\"og:type\" content=\"article\" \/>\n<meta property=\"og:title\" content=\"Integritetspolicy - The Rembrandt Hoeve\" \/>\n<meta property=\"og:description\" content=\"Detta \u00e4r sekretesspolicyn f\u00f6r: Denna integritetspolicy omfattar f\u00f6ljande: Rembrandt Hoeve p\u00e5 Amsteldijk Noord 127 NL &#8211; 1183 TJ Amstelveen (Nederl\u00e4nderna). F\u00f6r fr\u00e5gor eller kontakt, v\u00e4nligen skicka ett e-postmeddelande till rembrandthoeve@live.nl. Vilka personuppgifter vi samlar in och varf\u00f6r vi samlar in dem. Kommentarer N\u00e4r bes\u00f6kare l\u00e4mnar kommentarer p\u00e5 webbplatsen samlar vi in den information som visas [&hellip;]\" \/>\n<meta property=\"og:url\" content=\"https:\/\/rembrandthoeveamsterdam.nl\/sv\/integritetspolicy\/\" \/>\n<meta property=\"og:site_name\" content=\"The Rembrandt Hoeve\" \/>\n<meta name=\"twitter:card\" content=\"summary_large_image\" \/>\n<meta name=\"twitter:label1\" content=\"Ber\u00e4knad l\u00e4stid\" \/>\n\t<meta name=\"twitter:data1\" content=\"6 minuter\" \/>\n<script type=\"application\/ld+json\" class=\"yoast-schema-graph\">{\"@context\":\"https:\\\/\\\/schema.org\",\"@graph\":[{\"@type\":\"WebPage\",\"@id\":\"https:\\\/\\\/rembrandthoeveamsterdam.nl\\\/sv\\\/integritetspolicy\\\/\",\"url\":\"https:\\\/\\\/rembrandthoeveamsterdam.nl\\\/sv\\\/integritetspolicy\\\/\",\"name\":\"Integritetspolicy - The Rembrandt Hoeve\",\"isPartOf\":{\"@id\":\"https:\\\/\\\/rembrandthoeveamsterdam.nl\\\/sv\\\/#website\"},\"primaryImageOfPage\":{\"@id\":\"https:\\\/\\\/rembrandthoeveamsterdam.nl\\\/sv\\\/integritetspolicy\\\/#primaryimage\"},\"image\":{\"@id\":\"https:\\\/\\\/rembrandthoeveamsterdam.nl\\\/sv\\\/integritetspolicy\\\/#primaryimage\"},\"thumbnailUrl\":\"https:\\\/\\\/rembrandthoeveamsterdam.nl\\\/wp-content\\\/uploads\\\/2022\\\/07\\\/rudenko-photography-51-e1659012521964.jpg\",\"datePublished\":\"2020-10-21T07:36:29+00:00\",\"breadcrumb\":{\"@id\":\"https:\\\/\\\/rembrandthoeveamsterdam.nl\\\/sv\\\/integritetspolicy\\\/#breadcrumb\"},\"inLanguage\":\"sv-SE\",\"potentialAction\":[{\"@type\":\"ReadAction\",\"target\":[\"https:\\\/\\\/rembrandthoeveamsterdam.nl\\\/sv\\\/integritetspolicy\\\/\"]}]},{\"@type\":\"ImageObject\",\"inLanguage\":\"sv-SE\",\"@id\":\"https:\\\/\\\/rembrandthoeveamsterdam.nl\\\/sv\\\/integritetspolicy\\\/#primaryimage\",\"url\":\"https:\\\/\\\/rembrandthoeveamsterdam.nl\\\/wp-content\\\/uploads\\\/2022\\\/07\\\/rudenko-photography-51-e1659012521964.jpg\",\"contentUrl\":\"https:\\\/\\\/rembrandthoeveamsterdam.nl\\\/wp-content\\\/uploads\\\/2022\\\/07\\\/rudenko-photography-51-e1659012521964.jpg\",\"width\":1600,\"height\":652},{\"@type\":\"BreadcrumbList\",\"@id\":\"https:\\\/\\\/rembrandthoeveamsterdam.nl\\\/sv\\\/integritetspolicy\\\/#breadcrumb\",\"itemListElement\":[{\"@type\":\"ListItem\",\"position\":1,\"name\":\"Home\",\"item\":\"https:\\\/\\\/rembrandthoeveamsterdam.nl\\\/sv\\\/hem\\\/\"},{\"@type\":\"ListItem\",\"position\":2,\"name\":\"Integritetspolicy\"}]},{\"@type\":\"WebSite\",\"@id\":\"https:\\\/\\\/rembrandthoeveamsterdam.nl\\\/sv\\\/#website\",\"url\":\"https:\\\/\\\/rembrandthoeveamsterdam.nl\\\/sv\\\/\",\"name\":\"The Rembrandt Hoeve\",\"description\":\"Cheesefarm &amp; Clog factory in Amsterdam\",\"publisher\":{\"@id\":\"https:\\\/\\\/rembrandthoeveamsterdam.nl\\\/sv\\\/#organization\"},\"potentialAction\":[{\"@type\":\"SearchAction\",\"target\":{\"@type\":\"EntryPoint\",\"urlTemplate\":\"https:\\\/\\\/rembrandthoeveamsterdam.nl\\\/sv\\\/?s={search_term_string}\"},\"query-input\":{\"@type\":\"PropertyValueSpecification\",\"valueRequired\":true,\"valueName\":\"search_term_string\"}}],\"inLanguage\":\"sv-SE\"},{\"@type\":\"Organization\",\"@id\":\"https:\\\/\\\/rembrandthoeveamsterdam.nl\\\/sv\\\/#organization\",\"name\":\"The Rembrandt Hoeve\",\"url\":\"https:\\\/\\\/rembrandthoeveamsterdam.nl\\\/sv\\\/\",\"logo\":{\"@type\":\"ImageObject\",\"inLanguage\":\"sv-SE\",\"@id\":\"https:\\\/\\\/rembrandthoeveamsterdam.nl\\\/sv\\\/#\\\/schema\\\/logo\\\/image\\\/\",\"url\":\"https:\\\/\\\/rembrandthoeveamsterdam.nl\\\/wp-content\\\/uploads\\\/2020\\\/10\\\/logo-2.png\",\"contentUrl\":\"https:\\\/\\\/rembrandthoeveamsterdam.nl\\\/wp-content\\\/uploads\\\/2020\\\/10\\\/logo-2.png\",\"width\":222,\"height\":121,\"caption\":\"The Rembrandt Hoeve\"},\"image\":{\"@id\":\"https:\\\/\\\/rembrandthoeveamsterdam.nl\\\/sv\\\/#\\\/schema\\\/logo\\\/image\\\/\"}}]}<\/script>\n<!-- \/ Yoast SEO plugin. -->","yoast_head_json":{"title":"Integritetspolicy - The Rembrandt Hoeve","robots":{"index":"noindex","follow":"follow"},"og_locale":"sv_SE","og_type":"article","og_title":"Integritetspolicy - The Rembrandt Hoeve","og_description":"Detta \u00e4r sekretesspolicyn f\u00f6r: Denna integritetspolicy omfattar f\u00f6ljande: Rembrandt Hoeve p\u00e5 Amsteldijk Noord 127 NL &#8211; 1183 TJ Amstelveen (Nederl\u00e4nderna). F\u00f6r fr\u00e5gor eller kontakt, v\u00e4nligen skicka ett e-postmeddelande till rembrandthoeve@live.nl. Vilka personuppgifter vi samlar in och varf\u00f6r vi samlar in dem. Kommentarer N\u00e4r bes\u00f6kare l\u00e4mnar kommentarer p\u00e5 webbplatsen samlar vi in den information som visas [&hellip;]","og_url":"https:\/\/rembrandthoeveamsterdam.nl\/sv\/integritetspolicy\/","og_site_name":"The Rembrandt Hoeve","twitter_card":"summary_large_image","twitter_misc":{"Ber\u00e4knad l\u00e4stid":"6 minuter"},"schema":{"@context":"https:\/\/schema.org","@graph":[{"@type":"WebPage","@id":"https:\/\/rembrandthoeveamsterdam.nl\/sv\/integritetspolicy\/","url":"https:\/\/rembrandthoeveamsterdam.nl\/sv\/integritetspolicy\/","name":"Integritetspolicy - The Rembrandt Hoeve","isPartOf":{"@id":"https:\/\/rembrandthoeveamsterdam.nl\/sv\/#website"},"primaryImageOfPage":{"@id":"https:\/\/rembrandthoeveamsterdam.nl\/sv\/integritetspolicy\/#primaryimage"},"image":{"@id":"https:\/\/rembrandthoeveamsterdam.nl\/sv\/integritetspolicy\/#primaryimage"},"thumbnailUrl":"https:\/\/rembrandthoeveamsterdam.nl\/wp-content\/uploads\/2022\/07\/rudenko-photography-51-e1659012521964.jpg","datePublished":"2020-10-21T07:36:29+00:00","breadcrumb":{"@id":"https:\/\/rembrandthoeveamsterdam.nl\/sv\/integritetspolicy\/#breadcrumb"},"inLanguage":"sv-SE","potentialAction":[{"@type":"ReadAction","target":["https:\/\/rembrandthoeveamsterdam.nl\/sv\/integritetspolicy\/"]}]},{"@type":"ImageObject","inLanguage":"sv-SE","@id":"https:\/\/rembrandthoeveamsterdam.nl\/sv\/integritetspolicy\/#primaryimage","url":"https:\/\/rembrandthoeveamsterdam.nl\/wp-content\/uploads\/2022\/07\/rudenko-photography-51-e1659012521964.jpg","contentUrl":"https:\/\/rembrandthoeveamsterdam.nl\/wp-content\/uploads\/2022\/07\/rudenko-photography-51-e1659012521964.jpg","width":1600,"height":652},{"@type":"BreadcrumbList","@id":"https:\/\/rembrandthoeveamsterdam.nl\/sv\/integritetspolicy\/#breadcrumb","itemListElement":[{"@type":"ListItem","position":1,"name":"Home","item":"https:\/\/rembrandthoeveamsterdam.nl\/sv\/hem\/"},{"@type":"ListItem","position":2,"name":"Integritetspolicy"}]},{"@type":"WebSite","@id":"https:\/\/rembrandthoeveamsterdam.nl\/sv\/#website","url":"https:\/\/rembrandthoeveamsterdam.nl\/sv\/","name":"The Rembrandt Hoeve","description":"Cheesefarm &amp; Clog factory in Amsterdam","publisher":{"@id":"https:\/\/rembrandthoeveamsterdam.nl\/sv\/#organization"},"potentialAction":[{"@type":"SearchAction","target":{"@type":"EntryPoint","urlTemplate":"https:\/\/rembrandthoeveamsterdam.nl\/sv\/?s={search_term_string}"},"query-input":{"@type":"PropertyValueSpecification","valueRequired":true,"valueName":"search_term_string"}}],"inLanguage":"sv-SE"},{"@type":"Organization","@id":"https:\/\/rembrandthoeveamsterdam.nl\/sv\/#organization","name":"The Rembrandt Hoeve","url":"https:\/\/rembrandthoeveamsterdam.nl\/sv\/","logo":{"@type":"ImageObject","inLanguage":"sv-SE","@id":"https:\/\/rembrandthoeveamsterdam.nl\/sv\/#\/schema\/logo\/image\/","url":"https:\/\/rembrandthoeveamsterdam.nl\/wp-content\/uploads\/2020\/10\/logo-2.png","contentUrl":"https:\/\/rembrandthoeveamsterdam.nl\/wp-content\/uploads\/2020\/10\/logo-2.png","width":222,"height":121,"caption":"The Rembrandt Hoeve"},"image":{"@id":"https:\/\/rembrandthoeveamsterdam.nl\/sv\/#\/schema\/logo\/image\/"}}]}},"_links":{"self":[{"href":"https:\/\/rembrandthoeveamsterdam.nl\/sv\/wp-json\/wp\/v2\/pages\/2711","targetHints":{"allow":["GET"]}}],"collection":[{"href":"https:\/\/rembrandthoeveamsterdam.nl\/sv\/wp-json\/wp\/v2\/pages"}],"about":[{"href":"https:\/\/rembrandthoeveamsterdam.nl\/sv\/wp-json\/wp\/v2\/types\/page"}],"author":[{"embeddable":true,"href":"https:\/\/rembrandthoeveamsterdam.nl\/sv\/wp-json\/wp\/v2\/users\/1"}],"replies":[{"embeddable":true,"href":"https:\/\/rembrandthoeveamsterdam.nl\/sv\/wp-json\/wp\/v2\/comments?post=2711"}],"version-history":[{"count":0,"href":"https:\/\/rembrandthoeveamsterdam.nl\/sv\/wp-json\/wp\/v2\/pages\/2711\/revisions"}],"wp:featuredmedia":[{"embeddable":true,"href":"https:\/\/rembrandthoeveamsterdam.nl\/sv\/wp-json\/wp\/v2\/media\/3255"}],"wp:attachment":[{"href":"https:\/\/rembrandthoeveamsterdam.nl\/sv\/wp-json\/wp\/v2\/media?parent=2711"}],"curies":[{"name":"wp","href":"https:\/\/api.w.org\/{rel}","templated":true}]}}