{"id":2714,"date":"2020-10-21T07:36:29","date_gmt":"2020-10-21T07:36:29","guid":{"rendered":"https:\/\/rembrandthoeve.templ8.nl\/politica-de-privacidade\/"},"modified":"2020-10-21T07:36:29","modified_gmt":"2020-10-21T07:36:29","slug":"politica-de-privacidade","status":"publish","type":"page","link":"https:\/\/rembrandthoeveamsterdam.nl\/pt-pt\/politica-de-privacidade\/","title":{"rendered":"Pol\u00edtica de privacidade"},"content":{"rendered":"<div class=\"elementor-element elementor-element-8aece8d elementor-widget elementor-widget-theme-post-content\" data-id=\"8aece8d\" data-element_type=\"widget\" data-widget_type=\"theme-post-content.default\">\n<div class=\"elementor-widget-container\">\n<p>Esta \u00e9 a declara\u00e7\u00e3o de privacidade de: O Rembrandt Hoeve localizado em Amsteldijk Noord 127 NL &#8211; 1183 TJ Amstelveen (Pa\u00edses Baixos). Para perguntas ou contacto, por favor envie um e-mail  <a href=\"mailto:info@annetransport.nl\"><br \/>\n<\/a><a href=\"mailto:rembrandthoeve@live.nl\">rembrandthoeve@live.nl<\/a>.<\/p>\n<h3>Que dados pessoais recolhemos e porque os recolhemos<\/h3>\n<h4>Coment\u00e1rios<\/h4>\n<p>Quando os visitantes deixam coment\u00e1rios no site, recolhemos a informa\u00e7\u00e3o apresentada no formul\u00e1rio de coment\u00e1rios, o endere\u00e7o IP do visitante e o agente do utilizador do navegador para ajudar na detec\u00e7\u00e3o de spam.<\/p>\n<p>Uma cadeia an\u00f3nima criada a partir do seu endere\u00e7o de correio electr\u00f3nico (tamb\u00e9m chamada hash) pode ser enviada para o servi\u00e7o Gravatar se a utilizar. A p\u00e1gina da pol\u00edtica de privacidade pode ser encontrada aqui: https:\/\/automattic.com\/privacy\/. Ap\u00f3s o seu coment\u00e1rio ser aprovado, a sua fotografia do perfil ser\u00e1 publicamente vis\u00edvel no contexto do seu coment\u00e1rio.<\/p>\n<h4>Meios de comunica\u00e7\u00e3o<\/h4>\n<p>Se for um utilizador registado e carregar imagens para o s\u00edtio, deve evitar carregar imagens que contenham dados de localiza\u00e7\u00e3o GPS EXIF. Os visitantes do site podem descarregar as imagens do site e ver os dados de localiza\u00e7\u00e3o.<\/p>\n<h4>Formul\u00e1rios de contacto<\/h4>\n<p>Os dados pessoais de contacto s\u00e3o registados quando o formul\u00e1rio de contacto \u00e9 preenchido. Estes dados s\u00e3o armazenados na nossa caixa de correio. Os dados pessoais de contacto ser\u00e3o guardados para a presta\u00e7\u00e3o do servi\u00e7o. Os dados de contacto guardados n\u00e3o s\u00e3o utilizados para fins de marketing.<\/p>\n<h4>Biscoitos<\/h4>\n<p>Ao deixar um coment\u00e1rio no nosso s\u00edtio, pode indicar se o seu nome, endere\u00e7o de correio electr\u00f3nico e s\u00edtio podem ser guardados num cookie. Fazemo-lo para sua conveni\u00eancia, para que n\u00e3o tenha de voltar a introduzir esta informa\u00e7\u00e3o para uma nova resposta. Estes cookies s\u00e3o v\u00e1lidos por um ano.<\/p>\n<p>Quando visita a nossa p\u00e1gina de login, armazenamos um cookie tempor\u00e1rio para verificar se o seu navegador aceita cookies. Este cookie n\u00e3o cont\u00e9m dados pessoais e \u00e9 apagado assim que fecha o seu navegador.<\/p>\n<p>Uma vez iniciada a sess\u00e3o, armazenaremos alguns cookies relacionados com as suas informa\u00e7\u00f5es de in\u00edcio de sess\u00e3o e op\u00e7\u00f5es de exibi\u00e7\u00e3o no ecr\u00e3. Os cookies de login s\u00e3o v\u00e1lidos por 2 dias e os cookies para op\u00e7\u00f5es de exibi\u00e7\u00e3o no ecr\u00e3 s\u00e3o v\u00e1lidos por 1 ano. Se seleccionar &#8220;Recordar-me&#8221;, o seu login ser\u00e1 guardado durante 2 semanas. Assim que sair da sua conta, os cookies de login ser\u00e3o removidos.<\/p>\n<p>Quando edita ou publica uma mensagem, um cookie adicional \u00e9 armazenado pelo seu navegador. Este cookie n\u00e3o cont\u00e9m dados pessoais e cont\u00e9m apenas a identifica\u00e7\u00e3o postal do artigo que editou. Este biscoito expira ap\u00f3s um dia.<\/p>\n<h4>Conte\u00fados incorporados de outros s\u00edtios<\/h4>\n<p>As mensagens neste s\u00edtio podem conter conte\u00fado incorporado (incorporado) (por exemplo, v\u00eddeos, imagens, mensagens, etc.). O conte\u00fado incorporado de outros s\u00edtios comporta-se exactamente como se o visitante tivesse visitado este outro s\u00edtio.<\/p>\n<p>Estes s\u00edtios podem recolher dados sobre si, utilizar cookies, incorporar rastreio adicional de terceiros, e monitorizar a sua interac\u00e7\u00e3o com este conte\u00fado incorporado, incluindo a grava\u00e7\u00e3o da sua interac\u00e7\u00e3o com o conte\u00fado incorporado se tiver uma conta e estiver ligado a esse s\u00edtio.<\/p>\n<h4>Registos de Seguran\u00e7a<\/h4>\n<p>O endere\u00e7o IP dos visitantes, o ID de utilizador dos utilizadores registados, e o nome de utilizador das tentativas de registo s\u00e3o registados condicionalmente para monitorizar a actividade maliciosa e para proteger o s\u00edtio de tipos espec\u00edficos de ataques. Exemplos de condi\u00e7\u00f5es de login incluem tentativas de login, pedidos de logout, pedidos de URLs suspeitos, altera\u00e7\u00f5es de conte\u00fado do site, e actualiza\u00e7\u00f5es de palavra-passe. Esta informa\u00e7\u00e3o \u00e9 guardada durante 60 dias.<\/p>\n<h4>Anal\u00edticos<\/h4>\n<p>Tentamos fazer com que a experi\u00eancia que tem com o nosso s\u00edtio web seja a melhor e mais boa poss\u00edvel. Isto s\u00f3 \u00e9 poss\u00edvel se soubermos o que os nossos visitantes est\u00e3o a fazer no website. E assim afixando mais do que \u00e9 apreciado, e menos do que n\u00e3o \u00e9 apreciado.<\/p>\n<p dir=\"ltr\">Objectivo: atrav\u00e9s do Google Analytics sabemos como chegou ao s\u00edtio web e como utiliza o s\u00edtio web. Utilizamos estas estat\u00edsticas para melhorar continuamente o website, para que tenha a melhor experi\u00eancia poss\u00edvel no nosso website. Este cookie vem do Google e \u00e9 armazenado por um per\u00edodo m\u00e1ximo de 26 meses.<\/p>\n<p dir=\"ltr\">Mais informa\u00e7\u00f5es: <a href=\"http:\/\/www.google.com\/policies\/privacy\/\" target=\"_blank\" rel=\"noopener noreferrer\">http:\/\/www.google.com\/policies\/privacy\/<\/a><\/p>\n<h3>Com quem partilhamos os seus dados<\/h3>\n<p>Para tornar as informa\u00e7\u00f5es que solicitou acess\u00edveis, trabalhamos em conjunto com terceiros. Pense num administrador do s\u00edtio web, hospedeiro, liga\u00e7\u00e3o telef\u00f3nica autom\u00e1tica, sistema de newsletter e software de administra\u00e7\u00e3o. Foi celebrado um chamado Acordo de Processador com todas as partes envolvidas. Este acordo garante, entre outras coisas, a seguran\u00e7a e a elimina\u00e7\u00e3o atempada dos seus dados pessoais.<\/p>\n<h3>Quanto tempo guardamos os seus dados<\/h3>\n<p>Quando se deixa um coment\u00e1rio, esse coment\u00e1rio e os metadados desse coment\u00e1rio ser\u00e3o guardados para sempre. Desta forma, podemos reconhecer e aprovar automaticamente os coment\u00e1rios de seguimento em vez de os moderar.<\/p>\n<p>Para os utilizadores que se registam no nosso site (caso existam), tamb\u00e9m armazenamos as informa\u00e7\u00f5es pessoais que fornecem no seu perfil de utilizador. Todos os utilizadores podem ver, editar ou apagar as suas informa\u00e7\u00f5es pessoais em qualquer altura (excepto que n\u00e3o podem alterar o seu nome de utilizador). Os administradores do s\u00edtio tamb\u00e9m podem visualizar e editar esta informa\u00e7\u00e3o.<\/p>\n<p>Os registos de seguran\u00e7a s\u00e3o mantidos durante 60 dias.<\/p>\n<h3>Que direitos tem sobre os seus dados<\/h3>\n<p>Se tiver uma conta neste site ou se tiver deixado coment\u00e1rios, pode solicitar um ficheiro exportado das informa\u00e7\u00f5es pessoais que temos sobre si, incluindo quaisquer informa\u00e7\u00f5es que nos tenha fornecido. Tamb\u00e9m pode solicitar que eliminemos qualquer informa\u00e7\u00e3o pessoal que tenhamos sobre si. Isto n\u00e3o inclui os dados que somos obrigados a conservar para fins administrativos, legais ou de seguran\u00e7a.<\/p>\n<h3>Para onde enviamos os seus dados<\/h3>\n<p>Este site \u00e9 digitalizado para detectar potenciais malware e vulnerabilidades pelo scanner do site iThemes. N\u00e3o enviamos qualquer informa\u00e7\u00e3o pessoal ao scanner; no entanto, o scanner pode encontrar informa\u00e7\u00e3o pessoal afixada publicamente (tal como nos coment\u00e1rios) durante a digitaliza\u00e7\u00e3o.<\/p>\n<h3>Informa\u00e7\u00e3o adicional<\/h3>\n<h4>Como protegemos os seus dados<\/h4>\n<p>Os seus dados pessoais s\u00e3o seguros. Os dados confiados s\u00e3o protegidos com medidas de seguran\u00e7a t\u00e9cnicas e administrativas para minimizar o risco de perda, utiliza\u00e7\u00e3o indevida, acesso n\u00e3o autorizado, divulga\u00e7\u00e3o e altera\u00e7\u00e3o. Pode pensar em firewalls, encripta\u00e7\u00e3o de dados, liga\u00e7\u00f5es seguras e controlos de acesso f\u00edsico e administrativo aos dados e servidores.<\/p>\n<\/div>\n<\/div>\n","protected":false},"excerpt":{"rendered":"<p>Esta \u00e9 a declara\u00e7\u00e3o de privacidade de: O Rembrandt Hoeve localizado em Amsteldijk Noord 127 NL &#8211; 1183 TJ Amstelveen (Pa\u00edses Baixos). Para perguntas ou contacto, por favor envie um e-mail rembrandthoeve@live.nl. Que dados pessoais recolhemos e porque os recolhemos Coment\u00e1rios Quando os visitantes deixam coment\u00e1rios no site, recolhemos a informa\u00e7\u00e3o apresentada no formul\u00e1rio de [&hellip;]<\/p>\n","protected":false},"author":1,"featured_media":3255,"parent":0,"menu_order":0,"comment_status":"closed","ping_status":"closed","template":"","meta":{"footnotes":""},"class_list":["post-2714","page","type-page","status-publish","has-post-thumbnail","hentry"],"yoast_head":"<!-- This site is optimized with the Yoast SEO plugin v27.4 - https:\/\/yoast.com\/product\/yoast-seo-wordpress\/ -->\n<title>Pol\u00edtica de privacidade - The Rembrandt Hoeve<\/title>\n<meta name=\"robots\" content=\"noindex, follow\" \/>\n<meta property=\"og:locale\" content=\"pt_PT\" \/>\n<meta property=\"og:type\" content=\"article\" \/>\n<meta property=\"og:title\" content=\"Pol\u00edtica de privacidade - The Rembrandt Hoeve\" \/>\n<meta property=\"og:description\" content=\"Esta \u00e9 a declara\u00e7\u00e3o de privacidade de: O Rembrandt Hoeve localizado em Amsteldijk Noord 127 NL &#8211; 1183 TJ Amstelveen (Pa\u00edses Baixos). Para perguntas ou contacto, por favor envie um e-mail rembrandthoeve@live.nl. Que dados pessoais recolhemos e porque os recolhemos Coment\u00e1rios Quando os visitantes deixam coment\u00e1rios no site, recolhemos a informa\u00e7\u00e3o apresentada no formul\u00e1rio de [&hellip;]\" \/>\n<meta property=\"og:url\" content=\"https:\/\/rembrandthoeveamsterdam.nl\/pt-pt\/politica-de-privacidade\/\" \/>\n<meta property=\"og:site_name\" content=\"The Rembrandt Hoeve\" \/>\n<meta name=\"twitter:card\" content=\"summary_large_image\" \/>\n<meta name=\"twitter:label1\" content=\"Tempo estimado de leitura\" \/>\n\t<meta name=\"twitter:data1\" content=\"6 minutos\" \/>\n<script type=\"application\/ld+json\" class=\"yoast-schema-graph\">{\"@context\":\"https:\\\/\\\/schema.org\",\"@graph\":[{\"@type\":\"WebPage\",\"@id\":\"https:\\\/\\\/rembrandthoeveamsterdam.nl\\\/pt-pt\\\/politica-de-privacidade\\\/\",\"url\":\"https:\\\/\\\/rembrandthoeveamsterdam.nl\\\/pt-pt\\\/politica-de-privacidade\\\/\",\"name\":\"Pol\u00edtica de privacidade - The Rembrandt Hoeve\",\"isPartOf\":{\"@id\":\"https:\\\/\\\/rembrandthoeveamsterdam.nl\\\/pt-pt\\\/#website\"},\"primaryImageOfPage\":{\"@id\":\"https:\\\/\\\/rembrandthoeveamsterdam.nl\\\/pt-pt\\\/politica-de-privacidade\\\/#primaryimage\"},\"image\":{\"@id\":\"https:\\\/\\\/rembrandthoeveamsterdam.nl\\\/pt-pt\\\/politica-de-privacidade\\\/#primaryimage\"},\"thumbnailUrl\":\"https:\\\/\\\/rembrandthoeveamsterdam.nl\\\/wp-content\\\/uploads\\\/2022\\\/07\\\/rudenko-photography-51-e1659012521964.jpg\",\"datePublished\":\"2020-10-21T07:36:29+00:00\",\"breadcrumb\":{\"@id\":\"https:\\\/\\\/rembrandthoeveamsterdam.nl\\\/pt-pt\\\/politica-de-privacidade\\\/#breadcrumb\"},\"inLanguage\":\"pt-PT\",\"potentialAction\":[{\"@type\":\"ReadAction\",\"target\":[\"https:\\\/\\\/rembrandthoeveamsterdam.nl\\\/pt-pt\\\/politica-de-privacidade\\\/\"]}]},{\"@type\":\"ImageObject\",\"inLanguage\":\"pt-PT\",\"@id\":\"https:\\\/\\\/rembrandthoeveamsterdam.nl\\\/pt-pt\\\/politica-de-privacidade\\\/#primaryimage\",\"url\":\"https:\\\/\\\/rembrandthoeveamsterdam.nl\\\/wp-content\\\/uploads\\\/2022\\\/07\\\/rudenko-photography-51-e1659012521964.jpg\",\"contentUrl\":\"https:\\\/\\\/rembrandthoeveamsterdam.nl\\\/wp-content\\\/uploads\\\/2022\\\/07\\\/rudenko-photography-51-e1659012521964.jpg\",\"width\":1600,\"height\":652},{\"@type\":\"BreadcrumbList\",\"@id\":\"https:\\\/\\\/rembrandthoeveamsterdam.nl\\\/pt-pt\\\/politica-de-privacidade\\\/#breadcrumb\",\"itemListElement\":[{\"@type\":\"ListItem\",\"position\":1,\"name\":\"Home\",\"item\":\"https:\\\/\\\/rembrandthoeveamsterdam.nl\\\/pt-pt\\\/inicio\\\/\"},{\"@type\":\"ListItem\",\"position\":2,\"name\":\"Pol\u00edtica de privacidade\"}]},{\"@type\":\"WebSite\",\"@id\":\"https:\\\/\\\/rembrandthoeveamsterdam.nl\\\/pt-pt\\\/#website\",\"url\":\"https:\\\/\\\/rembrandthoeveamsterdam.nl\\\/pt-pt\\\/\",\"name\":\"The Rembrandt Hoeve\",\"description\":\"Cheesefarm &amp; Clog factory in Amsterdam\",\"publisher\":{\"@id\":\"https:\\\/\\\/rembrandthoeveamsterdam.nl\\\/pt-pt\\\/#organization\"},\"potentialAction\":[{\"@type\":\"SearchAction\",\"target\":{\"@type\":\"EntryPoint\",\"urlTemplate\":\"https:\\\/\\\/rembrandthoeveamsterdam.nl\\\/pt-pt\\\/?s={search_term_string}\"},\"query-input\":{\"@type\":\"PropertyValueSpecification\",\"valueRequired\":true,\"valueName\":\"search_term_string\"}}],\"inLanguage\":\"pt-PT\"},{\"@type\":\"Organization\",\"@id\":\"https:\\\/\\\/rembrandthoeveamsterdam.nl\\\/pt-pt\\\/#organization\",\"name\":\"The Rembrandt Hoeve\",\"url\":\"https:\\\/\\\/rembrandthoeveamsterdam.nl\\\/pt-pt\\\/\",\"logo\":{\"@type\":\"ImageObject\",\"inLanguage\":\"pt-PT\",\"@id\":\"https:\\\/\\\/rembrandthoeveamsterdam.nl\\\/pt-pt\\\/#\\\/schema\\\/logo\\\/image\\\/\",\"url\":\"https:\\\/\\\/rembrandthoeveamsterdam.nl\\\/wp-content\\\/uploads\\\/2020\\\/10\\\/logo-2.png\",\"contentUrl\":\"https:\\\/\\\/rembrandthoeveamsterdam.nl\\\/wp-content\\\/uploads\\\/2020\\\/10\\\/logo-2.png\",\"width\":222,\"height\":121,\"caption\":\"The Rembrandt Hoeve\"},\"image\":{\"@id\":\"https:\\\/\\\/rembrandthoeveamsterdam.nl\\\/pt-pt\\\/#\\\/schema\\\/logo\\\/image\\\/\"}}]}<\/script>\n<!-- \/ Yoast SEO plugin. -->","yoast_head_json":{"title":"Pol\u00edtica de privacidade - The Rembrandt Hoeve","robots":{"index":"noindex","follow":"follow"},"og_locale":"pt_PT","og_type":"article","og_title":"Pol\u00edtica de privacidade - The Rembrandt Hoeve","og_description":"Esta \u00e9 a declara\u00e7\u00e3o de privacidade de: O Rembrandt Hoeve localizado em Amsteldijk Noord 127 NL &#8211; 1183 TJ Amstelveen (Pa\u00edses Baixos). Para perguntas ou contacto, por favor envie um e-mail rembrandthoeve@live.nl. Que dados pessoais recolhemos e porque os recolhemos Coment\u00e1rios Quando os visitantes deixam coment\u00e1rios no site, recolhemos a informa\u00e7\u00e3o apresentada no formul\u00e1rio de [&hellip;]","og_url":"https:\/\/rembrandthoeveamsterdam.nl\/pt-pt\/politica-de-privacidade\/","og_site_name":"The Rembrandt Hoeve","twitter_card":"summary_large_image","twitter_misc":{"Tempo estimado de leitura":"6 minutos"},"schema":{"@context":"https:\/\/schema.org","@graph":[{"@type":"WebPage","@id":"https:\/\/rembrandthoeveamsterdam.nl\/pt-pt\/politica-de-privacidade\/","url":"https:\/\/rembrandthoeveamsterdam.nl\/pt-pt\/politica-de-privacidade\/","name":"Pol\u00edtica de privacidade - The Rembrandt Hoeve","isPartOf":{"@id":"https:\/\/rembrandthoeveamsterdam.nl\/pt-pt\/#website"},"primaryImageOfPage":{"@id":"https:\/\/rembrandthoeveamsterdam.nl\/pt-pt\/politica-de-privacidade\/#primaryimage"},"image":{"@id":"https:\/\/rembrandthoeveamsterdam.nl\/pt-pt\/politica-de-privacidade\/#primaryimage"},"thumbnailUrl":"https:\/\/rembrandthoeveamsterdam.nl\/wp-content\/uploads\/2022\/07\/rudenko-photography-51-e1659012521964.jpg","datePublished":"2020-10-21T07:36:29+00:00","breadcrumb":{"@id":"https:\/\/rembrandthoeveamsterdam.nl\/pt-pt\/politica-de-privacidade\/#breadcrumb"},"inLanguage":"pt-PT","potentialAction":[{"@type":"ReadAction","target":["https:\/\/rembrandthoeveamsterdam.nl\/pt-pt\/politica-de-privacidade\/"]}]},{"@type":"ImageObject","inLanguage":"pt-PT","@id":"https:\/\/rembrandthoeveamsterdam.nl\/pt-pt\/politica-de-privacidade\/#primaryimage","url":"https:\/\/rembrandthoeveamsterdam.nl\/wp-content\/uploads\/2022\/07\/rudenko-photography-51-e1659012521964.jpg","contentUrl":"https:\/\/rembrandthoeveamsterdam.nl\/wp-content\/uploads\/2022\/07\/rudenko-photography-51-e1659012521964.jpg","width":1600,"height":652},{"@type":"BreadcrumbList","@id":"https:\/\/rembrandthoeveamsterdam.nl\/pt-pt\/politica-de-privacidade\/#breadcrumb","itemListElement":[{"@type":"ListItem","position":1,"name":"Home","item":"https:\/\/rembrandthoeveamsterdam.nl\/pt-pt\/inicio\/"},{"@type":"ListItem","position":2,"name":"Pol\u00edtica de privacidade"}]},{"@type":"WebSite","@id":"https:\/\/rembrandthoeveamsterdam.nl\/pt-pt\/#website","url":"https:\/\/rembrandthoeveamsterdam.nl\/pt-pt\/","name":"The Rembrandt Hoeve","description":"Cheesefarm &amp; Clog factory in Amsterdam","publisher":{"@id":"https:\/\/rembrandthoeveamsterdam.nl\/pt-pt\/#organization"},"potentialAction":[{"@type":"SearchAction","target":{"@type":"EntryPoint","urlTemplate":"https:\/\/rembrandthoeveamsterdam.nl\/pt-pt\/?s={search_term_string}"},"query-input":{"@type":"PropertyValueSpecification","valueRequired":true,"valueName":"search_term_string"}}],"inLanguage":"pt-PT"},{"@type":"Organization","@id":"https:\/\/rembrandthoeveamsterdam.nl\/pt-pt\/#organization","name":"The Rembrandt Hoeve","url":"https:\/\/rembrandthoeveamsterdam.nl\/pt-pt\/","logo":{"@type":"ImageObject","inLanguage":"pt-PT","@id":"https:\/\/rembrandthoeveamsterdam.nl\/pt-pt\/#\/schema\/logo\/image\/","url":"https:\/\/rembrandthoeveamsterdam.nl\/wp-content\/uploads\/2020\/10\/logo-2.png","contentUrl":"https:\/\/rembrandthoeveamsterdam.nl\/wp-content\/uploads\/2020\/10\/logo-2.png","width":222,"height":121,"caption":"The Rembrandt Hoeve"},"image":{"@id":"https:\/\/rembrandthoeveamsterdam.nl\/pt-pt\/#\/schema\/logo\/image\/"}}]}},"_links":{"self":[{"href":"https:\/\/rembrandthoeveamsterdam.nl\/pt-pt\/wp-json\/wp\/v2\/pages\/2714","targetHints":{"allow":["GET"]}}],"collection":[{"href":"https:\/\/rembrandthoeveamsterdam.nl\/pt-pt\/wp-json\/wp\/v2\/pages"}],"about":[{"href":"https:\/\/rembrandthoeveamsterdam.nl\/pt-pt\/wp-json\/wp\/v2\/types\/page"}],"author":[{"embeddable":true,"href":"https:\/\/rembrandthoeveamsterdam.nl\/pt-pt\/wp-json\/wp\/v2\/users\/1"}],"replies":[{"embeddable":true,"href":"https:\/\/rembrandthoeveamsterdam.nl\/pt-pt\/wp-json\/wp\/v2\/comments?post=2714"}],"version-history":[{"count":0,"href":"https:\/\/rembrandthoeveamsterdam.nl\/pt-pt\/wp-json\/wp\/v2\/pages\/2714\/revisions"}],"wp:featuredmedia":[{"embeddable":true,"href":"https:\/\/rembrandthoeveamsterdam.nl\/pt-pt\/wp-json\/wp\/v2\/media\/3255"}],"wp:attachment":[{"href":"https:\/\/rembrandthoeveamsterdam.nl\/pt-pt\/wp-json\/wp\/v2\/media?parent=2714"}],"curies":[{"name":"wp","href":"https:\/\/api.w.org\/{rel}","templated":true}]}}