{"id":2694,"date":"2020-10-21T07:36:29","date_gmt":"2020-10-21T07:36:29","guid":{"rendered":"https:\/\/rembrandthoeve.templ8.nl\/fridhelgisstefna\/"},"modified":"2020-10-21T07:36:29","modified_gmt":"2020-10-21T07:36:29","slug":"fridhelgisstefna","status":"publish","type":"page","link":"https:\/\/rembrandthoeveamsterdam.nl\/is\/fridhelgisstefna\/","title":{"rendered":"Fri\u00f0helgisstefna"},"content":{"rendered":"<div class=\"elementor-element elementor-element-8aece8d elementor-widget elementor-widget-theme-post-content\" data-id=\"8aece8d\" data-element_type=\"widget\" data-widget_type=\"theme-post-content.default\">\n<div class=\"elementor-widget-container\">\n<p>\u00deetta er pers\u00f3nuverndaryfirl\u00fdsing: The Rembrandt Hoeve sta\u00f0sett \u00e1 Amsteldijk Noord 127 NL \u2013 1183 TJ Amstelveen (Hollandi). Fyrir spurningar e\u00f0a samband, vinsamlegast sendu t\u00f6lvup\u00f3st <a href=\"mailto:info@annetransport.nl\"><br \/>\n<\/a><a href=\"mailto:rembrandthoeve@live.nl\">rembrandthoeve@live.nl<\/a> .<\/p>\n<h3>Hva\u00f0a pers\u00f3nuuppl\u00fdsingum vi\u00f0 s\u00f6fnum og hvers vegna vi\u00f0 s\u00f6fnum \u00feeim<\/h3>\n<h4>Athugasemdir<\/h4>\n<p>\u00deegar gestir skilja eftir athugasemdir \u00e1 s\u00ed\u00f0unni s\u00f6fnum vi\u00f0 \u00feeim uppl\u00fdsingum sem s\u00fdndar eru \u00e1 athugasemdaforminu, IP-t\u00f6lu gestsins og umbo\u00f0smanni vafranotenda til a\u00f0 hj\u00e1lpa til vi\u00f0 a\u00f0 greina ruslp\u00f3st.<\/p>\n<p>Nafnlausan streng sem b\u00fain er til \u00far netfanginu \u00fe\u00ednu (einnig kalla\u00f0 kj\u00f6tk\u00e1ssa) er h\u00e6gt a\u00f0 senda til Gravatar \u00fej\u00f3nustunnar ef \u00fe\u00fa notar hana. Pers\u00f3nuverndars\u00ed\u00f0una m\u00e1 finna h\u00e9r: https:\/\/automattic.com\/privacy\/. Eftir a\u00f0 athugasemdin \u00fe\u00edn hefur veri\u00f0 sam\u00feykkt ver\u00f0ur pr\u00f3f\u00edlmyndin \u00fe\u00edn opinberlega s\u00fdnileg \u00ed samhengi vi\u00f0 athugasemdina \u00fe\u00edna.<\/p>\n<h4>Fj\u00f6lmi\u00f0lar<\/h4>\n<p>Ef \u00fe\u00fa ert skr\u00e1\u00f0ur notandi og hle\u00f0ur upp myndum \u00e1 s\u00ed\u00f0una \u00e6ttir \u00fe\u00fa a\u00f0 for\u00f0ast a\u00f0 hla\u00f0a upp myndum sem innihalda EXIF GPS sta\u00f0setningarg\u00f6gn. Gestir s\u00ed\u00f0unnar geta hla\u00f0i\u00f0 ni\u00f0ur myndunum af s\u00ed\u00f0unni og sko\u00f0a\u00f0 sta\u00f0setningarg\u00f6gnin.<\/p>\n<h4>Samskiptaey\u00f0ubl\u00f6\u00f0<\/h4>\n<p>Pers\u00f3nulegar samskiptauppl\u00fdsingar eru skr\u00e1\u00f0ar \u00feegar snertingarey\u00f0ubla\u00f0i\u00f0 er \u00fatfyllt. \u00deessi g\u00f6gn eru geymd \u00ed p\u00f3sth\u00f3lfinu okkar. Pers\u00f3nulegu tengili\u00f0auppl\u00fdsingarnar ver\u00f0a geymdar til a\u00f0 veita \u00fej\u00f3nustuna. Vista\u00f0ar tengili\u00f0auppl\u00fdsingarnar eru ekki nota\u00f0ar \u00ed marka\u00f0slegum tilgangi.<\/p>\n<h4>K\u00f6kur<\/h4>\n<p>\u00deegar \u00fe\u00fa skilur eftir athugasemd \u00e1 s\u00ed\u00f0una okkar getur\u00f0u gefi\u00f0 til kynna hvort nafn \u00feitt, netfang og vefs\u00ed\u00f0a g\u00e6ti veri\u00f0 geymd \u00ed vafrak\u00f6ku. Vi\u00f0 gerum \u00feetta \u00fe\u00e9r til \u00fe\u00e6ginda svo \u00fe\u00fa \u00feurfir ekki a\u00f0 sl\u00e1 inn \u00feessar uppl\u00fdsingar aftur til a\u00f0 f\u00e1 n\u00fdtt svar. \u00deessar vafrak\u00f6kur gilda \u00ed eitt \u00e1r.<\/p>\n<p>\u00deegar \u00fe\u00fa heims\u00e6kir innskr\u00e1ningars\u00ed\u00f0una okkar geymum vi\u00f0 t\u00edmabundi\u00f0 vafrak\u00f6ku til a\u00f0 athuga hvort vafrinn \u00feinn sam\u00feykki vafrak\u00f6kur. \u00deessi vafrakaka inniheldur engin pers\u00f3nuleg g\u00f6gn og er eytt um lei\u00f0 og \u00fe\u00fa lokar vafranum \u00fe\u00ednum.<\/p>\n<p>\u00deegar \u00fe\u00fa hefur skr\u00e1\u00f0 \u00feig inn munum vi\u00f0 geyma nokkrar vafrak\u00f6kur \u00ed tengslum vi\u00f0 innskr\u00e1ningaruppl\u00fdsingar \u00fe\u00ednar og skj\u00e1valkosti. Innskr\u00e1ningark\u00f6kur gilda \u00ed 2 daga og vafrak\u00f6kur fyrir skj\u00e1myndavalkosti gilda \u00ed 1 \u00e1r. Ef \u00fe\u00fa velur \u201eMundu eftir m\u00e9r\u201c ver\u00f0ur innskr\u00e1ningin \u00fe\u00edn vistu\u00f0 \u00ed 2 vikur. Um lei\u00f0 og \u00fe\u00fa skr\u00e1ir \u00feig \u00fat af reikningnum \u00fe\u00ednum ver\u00f0a innskr\u00e1ningark\u00f6kur fjarl\u00e6g\u00f0ar.<\/p>\n<p>\u00deegar \u00fe\u00fa breytir e\u00f0a birtir skilabo\u00f0 geymir vafrinn \u00feinn vi\u00f0b\u00f3tarkaka. \u00deessi vafrakaka inniheldur engin pers\u00f3nuleg g\u00f6gn og inniheldur a\u00f0eins p\u00f3stau\u00f0kenni greinarinnar sem \u00fe\u00fa hefur breytt. \u00deessi kex rennur \u00fat eftir einn dag.<\/p>\n<h4>Innfellt efni fr\u00e1 \u00f6\u00f0rum s\u00ed\u00f0um<\/h4>\n<p>F\u00e6rslur \u00e1 \u00feessari s\u00ed\u00f0u geta innihaldi\u00f0 innfellt (innfellt) efni (til d\u00e6mis myndb\u00f6nd, myndir, skilabo\u00f0 o.s.frv.). Innfellt efni fr\u00e1 \u00f6\u00f0rum s\u00ed\u00f0um heg\u00f0ar s\u00e9r n\u00e1kv\u00e6mlega eins og ef gesturinn hef\u00f0i heims\u00f3tt \u00feessa a\u00f0ra s\u00ed\u00f0u.<\/p>\n<p>\u00deessar s\u00ed\u00f0ur kunna a\u00f0 safna g\u00f6gnum um \u00feig, nota vafrak\u00f6kur, fella inn frekari m\u00e6lingar \u00feri\u00f0ja a\u00f0ila og fylgjast me\u00f0 samskiptum \u00fe\u00ednum vi\u00f0 \u00feetta innfellda efni, \u00fear \u00e1 me\u00f0al a\u00f0 skr\u00e1 samskipti \u00fe\u00edn vi\u00f0 innfellda efni\u00f0 ef \u00fe\u00fa ert me\u00f0 reikning og ert skr\u00e1\u00f0ur inn \u00e1 \u00fe\u00e1 s\u00ed\u00f0u.<\/p>\n<h4>\u00d6ryggisskr\u00e1r<\/h4>\n<p>IP-tala gesta, notandaau\u00f0kenni innskr\u00e1\u00f0ra notenda og notendanafn innskr\u00e1ningartilrauna eru skr\u00e1\u00f0 me\u00f0 skilyr\u00f0um til a\u00f0 fylgjast me\u00f0 illgjarnri virkni og til a\u00f0 vernda s\u00ed\u00f0una fyrir \u00e1kve\u00f0num tegundum \u00e1r\u00e1sa. D\u00e6mi um innskr\u00e1ningarskilyr\u00f0i eru innskr\u00e1ningartilraunir, \u00fatskr\u00e1ningarbei\u00f0nir, bei\u00f0nir um grunsamlegar sl\u00f3\u00f0ir, breytingar \u00e1 innihaldi vefsv\u00e6\u00f0is og uppf\u00e6rslur \u00e1 lykilor\u00f0i. \u00deessar uppl\u00fdsingar eru geymdar \u00ed 60 daga.<\/p>\n<h4>Greining<\/h4>\n<p>Vi\u00f0 reynum a\u00f0 gera upplifunina sem \u00fe\u00fa hefur af vefs\u00ed\u00f0u okkar eins g\u00f3\u00f0a og besta og m\u00f6gulegt er. \u00deetta er a\u00f0eins m\u00f6gulegt ef vi\u00f0 vitum hva\u00f0 gestir okkar eru a\u00f0 gera \u00e1 vefs\u00ed\u00f0unni. Og \u00fear me\u00f0 a\u00f0 birta meira af \u00fev\u00ed sem l\u00edkar vi\u00f0 og minna af \u00fev\u00ed sem misl\u00edkar.<\/p>\n<p dir=\"ltr\">Tilgangur: \u00ed gegnum Google Analytics vitum vi\u00f0 hvernig \u00fe\u00fa komst \u00e1 vefs\u00ed\u00f0una og hvernig \u00fe\u00fa notar vefs\u00ed\u00f0una. Vi\u00f0 notum \u00feessa t\u00f6lfr\u00e6\u00f0i til a\u00f0 b\u00e6ta vefs\u00ed\u00f0una st\u00f6\u00f0ugt, svo a\u00f0 \u00fe\u00fa hafir bestu m\u00f6gulegu upplifunina \u00e1 vefs\u00ed\u00f0unni okkar. \u00deessi kex kemur fr\u00e1 Google og er geymd \u00ed a\u00f0 h\u00e1marki 26 m\u00e1nu\u00f0i.<\/p>\n<p dir=\"ltr\">N\u00e1nari uppl\u00fdsingar: <a href=\"http:\/\/www.google.com\/policies\/privacy\/\" target=\"_blank\" rel=\"noopener noreferrer\">http:\/\/www.google.com\/policies\/privacy\/<\/a><\/p>\n<h3>Me\u00f0 hverjum vi\u00f0 deilum g\u00f6gnunum \u00fe\u00ednum<\/h3>\n<p>Til a\u00f0 gera uppl\u00fdsingarnar sem \u00fe\u00fa ba\u00f0st um a\u00f0gengilegar vinnum vi\u00f0 \u00ed samstarfi vi\u00f0 \u00feri\u00f0ja a\u00f0ila. Hugsa\u00f0u um vefstj\u00f3ra, h\u00fdsingara\u00f0ila, sj\u00e1lfvirka s\u00edmatengingu, fr\u00e9ttabr\u00e9fakerfi og stj\u00f3rnunarhugb\u00fana\u00f0. Ger\u00f0ur hefur veri\u00f0 svokalla\u00f0ur vinnslusamningur vi\u00f0 alla hluta\u00f0eigandi. \u00deessi samningur tryggir me\u00f0al annars \u00f6ryggi og t\u00edmanlega ey\u00f0ingu pers\u00f3nuuppl\u00fdsinga \u00feinna.<\/p>\n<h3>Hversu lengi vi\u00f0 geymum g\u00f6gnin \u00fe\u00edn<\/h3>\n<p>\u00deegar \u00fe\u00fa skilur eftir athugasemd ver\u00f0a \u00feessi athugasemd og l\u00fdsig\u00f6gn \u00feeirrar athugasemd vistu\u00f0 a\u00f0 eil\u00edfu. \u00deannig getum vi\u00f0 sj\u00e1lfkrafa greint og sam\u00feykkt eftirfylgni athugasemdir \u00ed sta\u00f0 \u00feess a\u00f0 stj\u00f3rna \u00feeim.<\/p>\n<p>Fyrir notendur sem skr\u00e1 sig \u00e1 s\u00ed\u00f0una okkar (ef einhverjir eru), geymum vi\u00f0 einnig pers\u00f3nuuppl\u00fdsingarnar sem \u00feeir gefa upp \u00e1 notendapr\u00f3f\u00edlnum s\u00ednum. Allir notendur geta sko\u00f0a\u00f0, breytt e\u00f0a eytt pers\u00f3nulegum uppl\u00fdsingum s\u00ednum hven\u00e6r sem er (nema \u00feeir geta ekki breytt notendanafni s\u00ednu). Vefstj\u00f3rnendur geta l\u00edka sko\u00f0a\u00f0 og breytt \u00feessum uppl\u00fdsingum.<\/p>\n<p>\u00d6ryggisskr\u00e1r eru geymdar \u00ed 60 daga.<\/p>\n<h3>Hva\u00f0a r\u00e9ttindi \u00fe\u00fa hefur yfir g\u00f6gnunum \u00fe\u00ednum<\/h3>\n<p>Ef \u00fe\u00fa ert me\u00f0 reikning \u00e1 \u00feessari s\u00ed\u00f0u e\u00f0a hefur skili\u00f0 eftir athugasemdir getur\u00f0u be\u00f0i\u00f0 um \u00fatflutta skr\u00e1 me\u00f0 pers\u00f3nulegum uppl\u00fdsingum sem vi\u00f0 h\u00f6fum um \u00feig, \u00fear \u00e1 me\u00f0al allar uppl\u00fdsingar sem \u00fe\u00fa hefur veitt okkur. \u00de\u00fa getur l\u00edka be\u00f0i\u00f0 um a\u00f0 vi\u00f0 ey\u00f0i \u00f6llum pers\u00f3nuuppl\u00fdsingum sem vi\u00f0 h\u00f6fum um \u00feig. \u00deetta felur ekki \u00ed s\u00e9r g\u00f6gn sem okkur er skylt a\u00f0 geyma \u00ed stj\u00f3rnunarlegum, lagalegum e\u00f0a \u00f6ryggislegum tilgangi.<\/p>\n<h3>Hvert vi\u00f0 sendum g\u00f6gnin \u00fe\u00edn<\/h3>\n<p>\u00deessi s\u00ed\u00f0a er sk\u00f6nnu\u00f0 fyrir hugsanlegum spilliforritum og veikleikum me\u00f0 iThemes Site skanni. Vi\u00f0 sendum engar pers\u00f3nulegar uppl\u00fdsingar til skanna; hins vegar getur skanninn fundi\u00f0 pers\u00f3nulegar uppl\u00fdsingar sem birtar eru opinberlega (svo sem \u00ed athugasemdum) me\u00f0an \u00e1 sk\u00f6nnuninni stendur.<\/p>\n<h3>Vi\u00f0b\u00f3taruppl\u00fdsingar<\/h3>\n<h4>Hvernig vi\u00f0 verndum g\u00f6gnin \u00fe\u00edn<\/h4>\n<p>Pers\u00f3nuuppl\u00fdsingar \u00fe\u00ednar eru \u00f6ruggar. G\u00f6gnin sem falin er eru verndu\u00f0 me\u00f0 t\u00e6knilegum og stj\u00f3rns\u00fdslulegum \u00f6ryggisr\u00e1\u00f0st\u00f6funum til a\u00f0 l\u00e1gmarka h\u00e6ttu \u00e1 tapi, misnotkun, \u00f3heimilum a\u00f0gangi, birtingu og breytingum. \u00de\u00fa getur hugsa\u00f0 um eldveggi, dulk\u00f3\u00f0un gagna, \u00f6ruggar tengingar og l\u00edkamlega og stj\u00f3rnunara\u00f0gangsst\u00fdringu a\u00f0 g\u00f6gnum og net\u00fej\u00f3num.<\/p>\n<\/div>\n<\/div>\n","protected":false},"excerpt":{"rendered":"<p>\u00deetta er pers\u00f3nuverndaryfirl\u00fdsing: The Rembrandt Hoeve sta\u00f0sett \u00e1 Amsteldijk Noord 127 NL \u2013 1183 TJ Amstelveen (Hollandi). Fyrir spurningar e\u00f0a samband, vinsamlegast sendu t\u00f6lvup\u00f3st rembrandthoeve@live.nl . Hva\u00f0a pers\u00f3nuuppl\u00fdsingum vi\u00f0 s\u00f6fnum og hvers vegna vi\u00f0 s\u00f6fnum \u00feeim Athugasemdir \u00deegar gestir skilja eftir athugasemdir \u00e1 s\u00ed\u00f0unni s\u00f6fnum vi\u00f0 \u00feeim uppl\u00fdsingum sem s\u00fdndar eru \u00e1 athugasemdaforminu, IP-t\u00f6lu gestsins [&hellip;]<\/p>\n","protected":false},"author":1,"featured_media":3255,"parent":0,"menu_order":0,"comment_status":"closed","ping_status":"closed","template":"","meta":{"footnotes":""},"class_list":["post-2694","page","type-page","status-publish","has-post-thumbnail","hentry"],"yoast_head":"<!-- This site is optimized with the Yoast SEO plugin v27.5 - https:\/\/yoast.com\/product\/yoast-seo-wordpress\/ -->\n<title>Fri\u00f0helgisstefna - The Rembrandt Hoeve<\/title>\n<meta name=\"robots\" content=\"noindex, follow\" \/>\n<meta property=\"og:locale\" content=\"is_IS\" \/>\n<meta property=\"og:type\" content=\"article\" \/>\n<meta property=\"og:title\" content=\"Fri\u00f0helgisstefna - The Rembrandt Hoeve\" \/>\n<meta property=\"og:description\" content=\"\u00deetta er pers\u00f3nuverndaryfirl\u00fdsing: The Rembrandt Hoeve sta\u00f0sett \u00e1 Amsteldijk Noord 127 NL \u2013 1183 TJ Amstelveen (Hollandi). Fyrir spurningar e\u00f0a samband, vinsamlegast sendu t\u00f6lvup\u00f3st rembrandthoeve@live.nl . Hva\u00f0a pers\u00f3nuuppl\u00fdsingum vi\u00f0 s\u00f6fnum og hvers vegna vi\u00f0 s\u00f6fnum \u00feeim Athugasemdir \u00deegar gestir skilja eftir athugasemdir \u00e1 s\u00ed\u00f0unni s\u00f6fnum vi\u00f0 \u00feeim uppl\u00fdsingum sem s\u00fdndar eru \u00e1 athugasemdaforminu, IP-t\u00f6lu gestsins [&hellip;]\" \/>\n<meta property=\"og:url\" content=\"https:\/\/rembrandthoeveamsterdam.nl\/is\/fridhelgisstefna\/\" \/>\n<meta property=\"og:site_name\" content=\"The Rembrandt Hoeve\" \/>\n<meta name=\"twitter:card\" content=\"summary_large_image\" \/>\n<meta name=\"twitter:label1\" content=\"Est. reading time\" \/>\n\t<meta name=\"twitter:data1\" content=\"6 minutes\" \/>\n<script type=\"application\/ld+json\" class=\"yoast-schema-graph\">{\"@context\":\"https:\\\/\\\/schema.org\",\"@graph\":[{\"@type\":\"WebPage\",\"@id\":\"https:\\\/\\\/rembrandthoeveamsterdam.nl\\\/is\\\/fridhelgisstefna\\\/\",\"url\":\"https:\\\/\\\/rembrandthoeveamsterdam.nl\\\/is\\\/fridhelgisstefna\\\/\",\"name\":\"Fri\u00f0helgisstefna - The Rembrandt Hoeve\",\"isPartOf\":{\"@id\":\"https:\\\/\\\/rembrandthoeveamsterdam.nl\\\/is\\\/#website\"},\"primaryImageOfPage\":{\"@id\":\"https:\\\/\\\/rembrandthoeveamsterdam.nl\\\/is\\\/fridhelgisstefna\\\/#primaryimage\"},\"image\":{\"@id\":\"https:\\\/\\\/rembrandthoeveamsterdam.nl\\\/is\\\/fridhelgisstefna\\\/#primaryimage\"},\"thumbnailUrl\":\"https:\\\/\\\/rembrandthoeveamsterdam.nl\\\/wp-content\\\/uploads\\\/2022\\\/07\\\/rudenko-photography-51-e1659012521964.jpg\",\"datePublished\":\"2020-10-21T07:36:29+00:00\",\"breadcrumb\":{\"@id\":\"https:\\\/\\\/rembrandthoeveamsterdam.nl\\\/is\\\/fridhelgisstefna\\\/#breadcrumb\"},\"inLanguage\":\"is\",\"potentialAction\":[{\"@type\":\"ReadAction\",\"target\":[\"https:\\\/\\\/rembrandthoeveamsterdam.nl\\\/is\\\/fridhelgisstefna\\\/\"]}]},{\"@type\":\"ImageObject\",\"inLanguage\":\"is\",\"@id\":\"https:\\\/\\\/rembrandthoeveamsterdam.nl\\\/is\\\/fridhelgisstefna\\\/#primaryimage\",\"url\":\"https:\\\/\\\/rembrandthoeveamsterdam.nl\\\/wp-content\\\/uploads\\\/2022\\\/07\\\/rudenko-photography-51-e1659012521964.jpg\",\"contentUrl\":\"https:\\\/\\\/rembrandthoeveamsterdam.nl\\\/wp-content\\\/uploads\\\/2022\\\/07\\\/rudenko-photography-51-e1659012521964.jpg\",\"width\":1600,\"height\":652},{\"@type\":\"BreadcrumbList\",\"@id\":\"https:\\\/\\\/rembrandthoeveamsterdam.nl\\\/is\\\/fridhelgisstefna\\\/#breadcrumb\",\"itemListElement\":[{\"@type\":\"ListItem\",\"position\":1,\"name\":\"Home\",\"item\":\"https:\\\/\\\/rembrandthoeveamsterdam.nl\\\/is\\\/heim\\\/\"},{\"@type\":\"ListItem\",\"position\":2,\"name\":\"Fri\u00f0helgisstefna\"}]},{\"@type\":\"WebSite\",\"@id\":\"https:\\\/\\\/rembrandthoeveamsterdam.nl\\\/is\\\/#website\",\"url\":\"https:\\\/\\\/rembrandthoeveamsterdam.nl\\\/is\\\/\",\"name\":\"The Rembrandt Hoeve\",\"description\":\"Cheesefarm &amp; Clog factory in Amsterdam\",\"publisher\":{\"@id\":\"https:\\\/\\\/rembrandthoeveamsterdam.nl\\\/is\\\/#organization\"},\"potentialAction\":[{\"@type\":\"SearchAction\",\"target\":{\"@type\":\"EntryPoint\",\"urlTemplate\":\"https:\\\/\\\/rembrandthoeveamsterdam.nl\\\/is\\\/?s={search_term_string}\"},\"query-input\":{\"@type\":\"PropertyValueSpecification\",\"valueRequired\":true,\"valueName\":\"search_term_string\"}}],\"inLanguage\":\"is\"},{\"@type\":\"Organization\",\"@id\":\"https:\\\/\\\/rembrandthoeveamsterdam.nl\\\/is\\\/#organization\",\"name\":\"The Rembrandt Hoeve\",\"url\":\"https:\\\/\\\/rembrandthoeveamsterdam.nl\\\/is\\\/\",\"logo\":{\"@type\":\"ImageObject\",\"inLanguage\":\"is\",\"@id\":\"https:\\\/\\\/rembrandthoeveamsterdam.nl\\\/is\\\/#\\\/schema\\\/logo\\\/image\\\/\",\"url\":\"https:\\\/\\\/rembrandthoeveamsterdam.nl\\\/wp-content\\\/uploads\\\/2020\\\/10\\\/logo-2.png\",\"contentUrl\":\"https:\\\/\\\/rembrandthoeveamsterdam.nl\\\/wp-content\\\/uploads\\\/2020\\\/10\\\/logo-2.png\",\"width\":222,\"height\":121,\"caption\":\"The Rembrandt Hoeve\"},\"image\":{\"@id\":\"https:\\\/\\\/rembrandthoeveamsterdam.nl\\\/is\\\/#\\\/schema\\\/logo\\\/image\\\/\"}}]}<\/script>\n<!-- \/ Yoast SEO plugin. -->","yoast_head_json":{"title":"Fri\u00f0helgisstefna - The Rembrandt Hoeve","robots":{"index":"noindex","follow":"follow"},"og_locale":"is_IS","og_type":"article","og_title":"Fri\u00f0helgisstefna - The Rembrandt Hoeve","og_description":"\u00deetta er pers\u00f3nuverndaryfirl\u00fdsing: The Rembrandt Hoeve sta\u00f0sett \u00e1 Amsteldijk Noord 127 NL \u2013 1183 TJ Amstelveen (Hollandi). Fyrir spurningar e\u00f0a samband, vinsamlegast sendu t\u00f6lvup\u00f3st rembrandthoeve@live.nl . Hva\u00f0a pers\u00f3nuuppl\u00fdsingum vi\u00f0 s\u00f6fnum og hvers vegna vi\u00f0 s\u00f6fnum \u00feeim Athugasemdir \u00deegar gestir skilja eftir athugasemdir \u00e1 s\u00ed\u00f0unni s\u00f6fnum vi\u00f0 \u00feeim uppl\u00fdsingum sem s\u00fdndar eru \u00e1 athugasemdaforminu, IP-t\u00f6lu gestsins [&hellip;]","og_url":"https:\/\/rembrandthoeveamsterdam.nl\/is\/fridhelgisstefna\/","og_site_name":"The Rembrandt Hoeve","twitter_card":"summary_large_image","twitter_misc":{"Est. reading time":"6 minutes"},"schema":{"@context":"https:\/\/schema.org","@graph":[{"@type":"WebPage","@id":"https:\/\/rembrandthoeveamsterdam.nl\/is\/fridhelgisstefna\/","url":"https:\/\/rembrandthoeveamsterdam.nl\/is\/fridhelgisstefna\/","name":"Fri\u00f0helgisstefna - The Rembrandt Hoeve","isPartOf":{"@id":"https:\/\/rembrandthoeveamsterdam.nl\/is\/#website"},"primaryImageOfPage":{"@id":"https:\/\/rembrandthoeveamsterdam.nl\/is\/fridhelgisstefna\/#primaryimage"},"image":{"@id":"https:\/\/rembrandthoeveamsterdam.nl\/is\/fridhelgisstefna\/#primaryimage"},"thumbnailUrl":"https:\/\/rembrandthoeveamsterdam.nl\/wp-content\/uploads\/2022\/07\/rudenko-photography-51-e1659012521964.jpg","datePublished":"2020-10-21T07:36:29+00:00","breadcrumb":{"@id":"https:\/\/rembrandthoeveamsterdam.nl\/is\/fridhelgisstefna\/#breadcrumb"},"inLanguage":"is","potentialAction":[{"@type":"ReadAction","target":["https:\/\/rembrandthoeveamsterdam.nl\/is\/fridhelgisstefna\/"]}]},{"@type":"ImageObject","inLanguage":"is","@id":"https:\/\/rembrandthoeveamsterdam.nl\/is\/fridhelgisstefna\/#primaryimage","url":"https:\/\/rembrandthoeveamsterdam.nl\/wp-content\/uploads\/2022\/07\/rudenko-photography-51-e1659012521964.jpg","contentUrl":"https:\/\/rembrandthoeveamsterdam.nl\/wp-content\/uploads\/2022\/07\/rudenko-photography-51-e1659012521964.jpg","width":1600,"height":652},{"@type":"BreadcrumbList","@id":"https:\/\/rembrandthoeveamsterdam.nl\/is\/fridhelgisstefna\/#breadcrumb","itemListElement":[{"@type":"ListItem","position":1,"name":"Home","item":"https:\/\/rembrandthoeveamsterdam.nl\/is\/heim\/"},{"@type":"ListItem","position":2,"name":"Fri\u00f0helgisstefna"}]},{"@type":"WebSite","@id":"https:\/\/rembrandthoeveamsterdam.nl\/is\/#website","url":"https:\/\/rembrandthoeveamsterdam.nl\/is\/","name":"The Rembrandt Hoeve","description":"Cheesefarm &amp; Clog factory in Amsterdam","publisher":{"@id":"https:\/\/rembrandthoeveamsterdam.nl\/is\/#organization"},"potentialAction":[{"@type":"SearchAction","target":{"@type":"EntryPoint","urlTemplate":"https:\/\/rembrandthoeveamsterdam.nl\/is\/?s={search_term_string}"},"query-input":{"@type":"PropertyValueSpecification","valueRequired":true,"valueName":"search_term_string"}}],"inLanguage":"is"},{"@type":"Organization","@id":"https:\/\/rembrandthoeveamsterdam.nl\/is\/#organization","name":"The Rembrandt Hoeve","url":"https:\/\/rembrandthoeveamsterdam.nl\/is\/","logo":{"@type":"ImageObject","inLanguage":"is","@id":"https:\/\/rembrandthoeveamsterdam.nl\/is\/#\/schema\/logo\/image\/","url":"https:\/\/rembrandthoeveamsterdam.nl\/wp-content\/uploads\/2020\/10\/logo-2.png","contentUrl":"https:\/\/rembrandthoeveamsterdam.nl\/wp-content\/uploads\/2020\/10\/logo-2.png","width":222,"height":121,"caption":"The Rembrandt Hoeve"},"image":{"@id":"https:\/\/rembrandthoeveamsterdam.nl\/is\/#\/schema\/logo\/image\/"}}]}},"_links":{"self":[{"href":"https:\/\/rembrandthoeveamsterdam.nl\/is\/wp-json\/wp\/v2\/pages\/2694","targetHints":{"allow":["GET"]}}],"collection":[{"href":"https:\/\/rembrandthoeveamsterdam.nl\/is\/wp-json\/wp\/v2\/pages"}],"about":[{"href":"https:\/\/rembrandthoeveamsterdam.nl\/is\/wp-json\/wp\/v2\/types\/page"}],"author":[{"embeddable":true,"href":"https:\/\/rembrandthoeveamsterdam.nl\/is\/wp-json\/wp\/v2\/users\/1"}],"replies":[{"embeddable":true,"href":"https:\/\/rembrandthoeveamsterdam.nl\/is\/wp-json\/wp\/v2\/comments?post=2694"}],"version-history":[{"count":0,"href":"https:\/\/rembrandthoeveamsterdam.nl\/is\/wp-json\/wp\/v2\/pages\/2694\/revisions"}],"wp:featuredmedia":[{"embeddable":true,"href":"https:\/\/rembrandthoeveamsterdam.nl\/is\/wp-json\/wp\/v2\/media\/3255"}],"wp:attachment":[{"href":"https:\/\/rembrandthoeveamsterdam.nl\/is\/wp-json\/wp\/v2\/media?parent=2694"}],"curies":[{"name":"wp","href":"https:\/\/api.w.org\/{rel}","templated":true}]}}